{"id":30,"date":"2020-01-05T06:10:00","date_gmt":"2020-01-05T05:10:00","guid":{"rendered":"https:\/\/sojka.ukathemes.com\/demo-1\/?page_id=11"},"modified":"2026-03-16T10:22:01","modified_gmt":"2026-03-16T09:22:01","slug":"o-nas","status":"publish","type":"page","link":"https:\/\/patrzacnawschod.pl\/index.php\/o-nas\/","title":{"rendered":"O nas"},"content":{"rendered":"<p>Festiwal literacki \u201ePatrz\u0105c na Wsch\u00f3d\u201d odbywa si\u0119 na styku Wschodu i Zachodu w Budzie Ruskiej 16\u00a0 w domu Piotra Malczewskiego w Budzie Ruskiej nad Czarn\u0105 Ha\u0144cz\u0105.<\/p>\n<p>Organizatorami s\u0105: Piotr Malczewski, Radek Nowacki; Piotr Brysacz (do 2026).<\/p>\n<p>&nbsp;<\/p>\n<p><img loading=\"lazy\" decoding=\"async\" class=\"alignnone size-medium wp-image-1139\" src=\"https:\/\/patrzacnawschod.pl\/wp-content\/uploads\/2026\/03\/001_onas_03-malczewski-book1mniejsze-300x253.jpg\" alt=\"\" width=\"300\" height=\"253\" srcset=\"https:\/\/patrzacnawschod.pl\/wp-content\/uploads\/2026\/03\/001_onas_03-malczewski-book1mniejsze-300x253.jpg 300w, https:\/\/patrzacnawschod.pl\/wp-content\/uploads\/2026\/03\/001_onas_03-malczewski-book1mniejsze-1024x864.jpg 1024w, https:\/\/patrzacnawschod.pl\/wp-content\/uploads\/2026\/03\/001_onas_03-malczewski-book1mniejsze-768x648.jpg 768w, https:\/\/patrzacnawschod.pl\/wp-content\/uploads\/2026\/03\/001_onas_03-malczewski-book1mniejsze-1536x1296.jpg 1536w, https:\/\/patrzacnawschod.pl\/wp-content\/uploads\/2026\/03\/001_onas_03-malczewski-book1mniejsze.jpg 1747w\" sizes=\"auto, (max-width: 300px) 95vw, 300px\" \/><\/p>\n<p><strong>Piotr Malczewski<\/strong> (ur. 1972) \u2013 fotograf, podr\u00f3\u017cnik, autor album\u00f3w fotograficznych i ksi\u0105\u017cek, przewodnik. Studiowa\u0142 na ASP w Poznaniu. Dzieci\u0144stwo i m\u0142odo\u015b\u0107 sp\u0119dzi\u0142 w Augustowie, Olecku, Suwa\u0142kach i na w\u0142\u00f3cz\u0119gach po Suwalszczy\u017anie i P\u00f3\u0142nocno \u2013 wschodniej Polsce. Duch w\u0119drowca, poszukiwacza prowadzi go w \u201eukryte\u201d rejony \u015bwiata, g\u0142\u00f3wnie na wsch\u00f3d i p\u00f3\u0142noc. St\u0105d podr\u00f3\u017ce na Ukrain\u0119, do Skandynawii, Tuwy (\u015bladami F. A. Ossendowskiego), na Spitsbergen (z saniami), do Mongolii pieszo, konno i na \u017caglowozach. Podr\u00f3\u017cowa\u0142 nad Bajka\u0142 \u2013 na piechot\u0119, kajakiem, z saniami. Ale wa\u017cne s\u0105 dla niego r\u00f3wnie\u017c \u201epodr\u00f3\u017ce ma\u0142e i du\u017ce\u201d po p\u00f3\u0142nocno \u2013 wschodniej Polsce. Mieszka od 1999 r. w Budzie Ruskiej nad Czarn\u0105 Ha\u0144cz\u0105, w najstarszym domu we wsi (po staroobrz\u0119dowcach) znajduj\u0105cym si\u0119 na granicy Wigierskiego Parku Narodowego. Od 2001 r. w swoim gospodarstwie prowadzi galeri\u0119 fotografii, gdzie prezentuje wystawy\u00a0 fotograficzne i etnograficzne, pokazy multimedialne z opowie\u015bciami. Od 2017 r. dzia\u0142a Muzeum Mongolii \u2013 oddzielna sta\u0142a ekspozycja ze scenografi\u0105, fotografiami i eksponatami przywiezionymi z podr\u00f3\u017cy.<\/p>\n<p>Wsp\u00f3\u0142organizator cyklicznych festiwali w Budzie Ruskiej: Festiwal podr\u00f3\u017cniczy \u201ePowsin\u00f3g. Podr\u00f3\u017ce bliskie i dalekie\u201d, Festiwal Literacki \u201ePatrz\u0105c na Wsch\u00f3d\u201d. Organizuje r\u00f3wnie\u017c warsztaty w Budzie Ruskiej.<\/p>\n<p>Do tej pory ukaza\u0142y si\u0119 autorskie albumy fotograficzne i ksi\u0105\u017cki: <em>Rospuda<\/em> (2007), <em>Magiczny Bajka\u0142 <\/em>(2008), <em>Wigry. Kraina Wody i Nieba<\/em> (2010), <em>United States of Beta. Poles jazz the World<\/em> (wraz z p\u0142yt\u0105 jazzow\u0105, 2013), <em>Kraina Czarnej Ha\u0144czy <\/em>(2016), <em>Kamedulskie Wigry<\/em> (2018) oraz ksi\u0105\u017cka <em>Kolej Transsyberyjska. Opowie\u015b\u0107 o ludziach, przestrzeni i drodze<\/em> (2020) i <em>Bajka\u0142. Opowie\u015bci o \u015awi\u0119tym Morzu <\/em>(2021), <em>Bajka\u0142. Carstwo Lodu<\/em> (2022), <em>Znad Czarnej Ha\u0144czy. Opowie\u015bci o staroobrz\u0119dowcach, ruskich baniach, starowierskich wsiach, drewnianych domach i bobrach <\/em>(2025).<\/p>\n<p><a href=\"http:\/\/www.piotrmalczewski.com\/\">www.piotrmalczewski.com<\/a><\/p>\n<p>&nbsp;<\/p>\n<p><img loading=\"lazy\" decoding=\"async\" class=\"alignnone size-medium wp-image-1141\" src=\"https:\/\/patrzacnawschod.pl\/wp-content\/uploads\/2026\/03\/002-_o-nas_radek_nowacki-300x225.jpg\" alt=\"\" width=\"300\" height=\"225\" srcset=\"https:\/\/patrzacnawschod.pl\/wp-content\/uploads\/2026\/03\/002-_o-nas_radek_nowacki-300x225.jpg 300w, https:\/\/patrzacnawschod.pl\/wp-content\/uploads\/2026\/03\/002-_o-nas_radek_nowacki-1024x768.jpg 1024w, https:\/\/patrzacnawschod.pl\/wp-content\/uploads\/2026\/03\/002-_o-nas_radek_nowacki-768x576.jpg 768w, https:\/\/patrzacnawschod.pl\/wp-content\/uploads\/2026\/03\/002-_o-nas_radek_nowacki-1536x1152.jpg 1536w, https:\/\/patrzacnawschod.pl\/wp-content\/uploads\/2026\/03\/002-_o-nas_radek_nowacki-2048x1536.jpg 2048w, https:\/\/patrzacnawschod.pl\/wp-content\/uploads\/2026\/03\/002-_o-nas_radek_nowacki-1920x1440.jpg 1920w\" sizes=\"auto, (max-width: 300px) 95vw, 300px\" \/><\/p>\n<p><strong>Rados\u0142aw Nowacki<\/strong> \u2013 fotograf portretowy i dokumentalny, wielokrotnie nagradzany absolwent Wydzia\u0142u Fotografii na University of the West of Scotland. Autor projektu fotograficznego The Scots DNA. Cztery fotografie z tego cyklu zosta\u0142y wr\u0119czone kr\u00f3lowi Karolowi III oraz kr\u00f3lowej Kamili i w\u0142\u0105czone do presti\u017cowych zbior\u00f3w The Royal Collection.<br \/>Jego prace publikowane by\u0142y w polskich, brytyjskich i skandynawskich tygodnikach, magazynach oraz portalach internetowych, m.in. w: Metal Hammer, Boneshaker, The Skug, Sunday Post, Sunday Mail, The Herald, The Best Scottish Wedding Magazine, Emito.net oraz w materia\u0142ach Polskiej Agencji Prasowej.<br \/>Od 2013 roku mieszka i pracuje na terenie Mazur Garbatych, gdzie realizuje autorskie projekty fotograficzne oraz dokumentuje \u017cycie i kultur\u0119 regionu.<\/p>\n<p><img loading=\"lazy\" decoding=\"async\" class=\"alignnone size-medium wp-image-1142\" src=\"https:\/\/patrzacnawschod.pl\/wp-content\/uploads\/2026\/03\/003_o-nas_-piotrek-brysacz-297x300.jpg\" alt=\"\" width=\"297\" height=\"300\" srcset=\"https:\/\/patrzacnawschod.pl\/wp-content\/uploads\/2026\/03\/003_o-nas_-piotrek-brysacz-297x300.jpg 297w, https:\/\/patrzacnawschod.pl\/wp-content\/uploads\/2026\/03\/003_o-nas_-piotrek-brysacz-768x775.jpg 768w, https:\/\/patrzacnawschod.pl\/wp-content\/uploads\/2026\/03\/003_o-nas_-piotrek-brysacz.jpg 960w\" sizes=\"auto, (max-width: 297px) 95vw, 297px\" \/><\/p>\n<p><strong>Piotr Brysacz<\/strong> &#8211; absolwent polonistyki na Uniwersytecie Warszawskim, dziennikarz, redaktor. Autor ksi\u0105\u017cek &#8222;Patrz\u0105c na Wsch\u00f3d. Przestrze\u0144. Cz\u0142owiek. Mistycyzm&#8221; (2013) i (wsp\u00f3lnie z Andrzejem Kalinowskim) &#8222;Podlaskie. Najpi\u0119kniejsze miejsca. W\u0119dr\u00f3wki Wiktora Wo\u0142kowa&#8221; (2014). Finalista Nagrody im. Barbary N. \u0141opie\u0144skiej za najlepszy wywiad prasowy (2014). Tw\u00f3rca wydawnictwa <a href=\"https:\/\/pasnyburiat.pl\/\">Pa\u015bny Buriat<\/a>.<\/p>\n\n\n<p><\/p>\n","protected":false},"excerpt":{"rendered":"<p>Festiwal literacki \u201ePatrz\u0105c na Wsch\u00f3d\u201d odbywa si\u0119 na styku Wschodu i Zachodu w Budzie Ruskiej 16\u00a0 w domu Piotra Malczewskiego w Budzie Ruskiej nad Czarn\u0105 Ha\u0144cz\u0105. Organizatorami s\u0105: Piotr Malczewski, Radek Nowacki; Piotr Brysacz (do 2026). &nbsp; Piotr Malczewski (ur. 1972) \u2013 fotograf, podr\u00f3\u017cnik, autor album\u00f3w fotograficznych i ksi\u0105\u017cek, przewodnik. Studiowa\u0142 na ASP w Poznaniu. &hellip; <\/p>\n<p><a href=\"https:\/\/patrzacnawschod.pl\/index.php\/o-nas\/\" class=\"more-link\">Read more<span class=\"screen-reader-text\"> &#8222;O nas&#8221;<\/span><\/a><\/p>\n","protected":false},"author":1,"featured_media":1149,"parent":0,"menu_order":0,"comment_status":"closed","ping_status":"closed","template":"","meta":{"footnotes":""},"class_list":["post-30","page","type-page","status-publish","has-post-thumbnail","hentry"],"_links":{"self":[{"href":"https:\/\/patrzacnawschod.pl\/index.php\/wp-json\/wp\/v2\/pages\/30","targetHints":{"allow":["GET"]}}],"collection":[{"href":"https:\/\/patrzacnawschod.pl\/index.php\/wp-json\/wp\/v2\/pages"}],"about":[{"href":"https:\/\/patrzacnawschod.pl\/index.php\/wp-json\/wp\/v2\/types\/page"}],"author":[{"embeddable":true,"href":"https:\/\/patrzacnawschod.pl\/index.php\/wp-json\/wp\/v2\/users\/1"}],"replies":[{"embeddable":true,"href":"https:\/\/patrzacnawschod.pl\/index.php\/wp-json\/wp\/v2\/comments?post=30"}],"version-history":[{"count":4,"href":"https:\/\/patrzacnawschod.pl\/index.php\/wp-json\/wp\/v2\/pages\/30\/revisions"}],"predecessor-version":[{"id":1168,"href":"https:\/\/patrzacnawschod.pl\/index.php\/wp-json\/wp\/v2\/pages\/30\/revisions\/1168"}],"wp:featuredmedia":[{"embeddable":true,"href":"https:\/\/patrzacnawschod.pl\/index.php\/wp-json\/wp\/v2\/media\/1149"}],"wp:attachment":[{"href":"https:\/\/patrzacnawschod.pl\/index.php\/wp-json\/wp\/v2\/media?parent=30"}],"curies":[{"name":"wp","href":"https:\/\/api.w.org\/{rel}","templated":true}]}}