{"id":590,"date":"2020-04-28T12:38:46","date_gmt":"2020-04-28T10:38:46","guid":{"rendered":"http:\/\/patrzacnawschod.pl\/?page_id=590"},"modified":"2020-07-06T12:35:21","modified_gmt":"2020-07-06T10:35:21","slug":"jak-bylo","status":"publish","type":"page","link":"https:\/\/patrzacnawschod.pl\/index.php\/jak-bylo\/","title":{"rendered":"Jak by\u0142o"},"content":{"rendered":"\n<p>W 2020 roku festiwal odb\u0119dzie si\u0119 po raz 6. <\/p>\n\n\n\n<p>Aby powspomina\u0107 poprzednie edycje zapraszamy do galerii:<\/p>\n\n\n\n<div class=\"wp-block-columns is-layout-flex wp-container-core-columns-is-layout-9d6595d7 wp-block-columns-is-layout-flex\">\n<div class=\"wp-block-column is-layout-flow wp-block-column-is-layout-flow\">\n<figure class=\"wp-block-image size-large\"><a href=\"https:\/\/patrzacnawschod.pl\/index.php\/edycja-2018\/\"><img loading=\"lazy\" decoding=\"async\" width=\"1024\" height=\"1024\" src=\"https:\/\/patrzacnawschod.pl\/wp-content\/uploads\/2020\/04\/2018-1024x1024.png\" alt=\"\" class=\"wp-image-596\" srcset=\"https:\/\/patrzacnawschod.pl\/wp-content\/uploads\/2020\/04\/2018-1024x1024.png 1024w, https:\/\/patrzacnawschod.pl\/wp-content\/uploads\/2020\/04\/2018-300x300.png 300w, https:\/\/patrzacnawschod.pl\/wp-content\/uploads\/2020\/04\/2018-150x150.png 150w, https:\/\/patrzacnawschod.pl\/wp-content\/uploads\/2020\/04\/2018-768x768.png 768w, https:\/\/patrzacnawschod.pl\/wp-content\/uploads\/2020\/04\/2018.png 1200w\" sizes=\"auto, (max-width: 599px) 92vw, (max-width: 867px) 95vw, 830px\" \/><\/a><\/figure>\n<\/div>\n\n\n\n<div class=\"wp-block-column is-layout-flow wp-block-column-is-layout-flow\">\n<figure class=\"wp-block-image size-large\"><a href=\"https:\/\/patrzacnawschod.pl\/index.php\/edycja-2019\/\"><img loading=\"lazy\" decoding=\"async\" width=\"1024\" height=\"1024\" src=\"https:\/\/patrzacnawschod.pl\/wp-content\/uploads\/2020\/04\/2019-1024x1024.png\" alt=\"\" class=\"wp-image-597\" srcset=\"https:\/\/patrzacnawschod.pl\/wp-content\/uploads\/2020\/04\/2019-1024x1024.png 1024w, https:\/\/patrzacnawschod.pl\/wp-content\/uploads\/2020\/04\/2019-300x300.png 300w, https:\/\/patrzacnawschod.pl\/wp-content\/uploads\/2020\/04\/2019-150x150.png 150w, https:\/\/patrzacnawschod.pl\/wp-content\/uploads\/2020\/04\/2019-768x768.png 768w, https:\/\/patrzacnawschod.pl\/wp-content\/uploads\/2020\/04\/2019.png 1200w\" sizes=\"auto, (max-width: 599px) 92vw, (max-width: 867px) 95vw, 830px\" \/><\/a><\/figure>\n<\/div>\n\n\n\n<div class=\"wp-block-column is-layout-flow wp-block-column-is-layout-flow\"><\/div>\n<\/div>\n","protected":false},"excerpt":{"rendered":"<p>W 2020 roku festiwal odb\u0119dzie si\u0119 po raz 6. Aby powspomina\u0107 poprzednie edycje zapraszamy do galerii:<\/p>\n","protected":false},"author":1,"featured_media":599,"parent":0,"menu_order":0,"comment_status":"closed","ping_status":"closed","template":"","meta":{"footnotes":""},"class_list":["post-590","page","type-page","status-publish","has-post-thumbnail","hentry"],"_links":{"self":[{"href":"https:\/\/patrzacnawschod.pl\/index.php\/wp-json\/wp\/v2\/pages\/590","targetHints":{"allow":["GET"]}}],"collection":[{"href":"https:\/\/patrzacnawschod.pl\/index.php\/wp-json\/wp\/v2\/pages"}],"about":[{"href":"https:\/\/patrzacnawschod.pl\/index.php\/wp-json\/wp\/v2\/types\/page"}],"author":[{"embeddable":true,"href":"https:\/\/patrzacnawschod.pl\/index.php\/wp-json\/wp\/v2\/users\/1"}],"replies":[{"embeddable":true,"href":"https:\/\/patrzacnawschod.pl\/index.php\/wp-json\/wp\/v2\/comments?post=590"}],"version-history":[{"count":5,"href":"https:\/\/patrzacnawschod.pl\/index.php\/wp-json\/wp\/v2\/pages\/590\/revisions"}],"predecessor-version":[{"id":715,"href":"https:\/\/patrzacnawschod.pl\/index.php\/wp-json\/wp\/v2\/pages\/590\/revisions\/715"}],"wp:featuredmedia":[{"embeddable":true,"href":"https:\/\/patrzacnawschod.pl\/index.php\/wp-json\/wp\/v2\/media\/599"}],"wp:attachment":[{"href":"https:\/\/patrzacnawschod.pl\/index.php\/wp-json\/wp\/v2\/media?parent=590"}],"curies":[{"name":"wp","href":"https:\/\/api.w.org\/{rel}","templated":true}]}}